{"id":7867,"date":"2020-04-30T15:02:15","date_gmt":"2020-04-30T13:02:17","guid":{"rendered":"https:\/\/augenklinik-bern.ch\/?page_id=7867"},"modified":"2024-11-01T08:25:24","modified_gmt":"2024-11-01T06:25:24","slug":"maladies-des-yeux","status":"publish","type":"page","link":"https:\/\/augenklinik-bern.ch\/fr\/patients\/maladies-des-yeux\/","title":{"rendered":"Maladies des yeux"},"content":{"rendered":"\n<p>Nos ophtalmologistes vous informeront naturellement avant tout traitement et \u00e0 chaque visite. Pour toute question, veuillez contacter nos collaborateurs ou m\u00e9decins. <\/p>\n\n\n\n<ul class=\"wp-block-list\">\n<li><a href=\"https:\/\/augenklinik-bern.ch\/fr\/patients\/maladies-des-yeux\/cataracte\/\">Cataracte<\/a><\/li>\n\n\n\n<li><a href=\"https:\/\/augenklinik-bern.ch\/fr\/patients\/maladies-des-yeux\/glaucome\/\">Glaucome<\/a><\/li>\n\n\n\n<li><a href=\"https:\/\/augenklinik-bern.ch\/fr\/patients\/maladies-des-yeux\/affection-maculaire\/\">Affection maculaire<\/a><\/li>\n\n\n\n<li><a href=\"https:\/\/augenklinik-bern.ch\/fr\/patients\/maladies-des-yeux\/diabete\/\">Diab\u00e8te<\/a><\/li>\n\n\n\n<li><a href=\"https:\/\/augenklinik-bern.ch\/fr\/patients\/maladies-des-yeux\/uveite\/\">Uv\u00e9ite<\/a><\/li>\n\n\n\n<li><a href=\"https:\/\/augenklinik-bern.ch\/fr\/patients\/maladies-des-yeux\/vitrectomie\/\">Vitrectomie<\/a><\/li>\n\n\n\n<li><a href=\"https:\/\/augenklinik-bern.ch\/fr\/patients\/maladies-des-yeux\/cataracte-secondaire\/\">Cataracte secondaire<\/a><\/li>\n\n\n\n<li><a href=\"https:\/\/augenklinik-bern.ch\/fr\/patients\/maladies-des-yeux\/dmla\/\">DMLA<\/a><\/li>\n\n\n\n<li><a href=\"https:\/\/augenklinik-bern.ch\/fr\/patients\/maladies-des-yeux\/decollement-retinien\/\">D\u00e9collement r\u00e9tinien<\/a><\/li>\n\n\n\n<li><a href=\"https:\/\/augenklinik-bern.ch\/fr\/patients\/maladies-des-yeux\/dermatochalasis\/\">Dermatochalasis<\/a><\/li>\n\n\n\n<li><a href=\"https:\/\/augenklinik-bern.ch\/fr\/patients\/maladies-des-yeux\/ectropion\/\">Ectropion<\/a><\/li>\n\n\n\n<li><a href=\"https:\/\/augenklinik-bern.ch\/fr\/patients\/maladies-des-yeux\/entropion\/\">Entropion<\/a><\/li>\n\n\n\n<li><a href=\"https:\/\/augenklinik-bern.ch\/fr\/patients\/maladies-des-yeux\/dechirure-de-la-retine\/\">D\u00e9chirure de la r\u00e9tine<\/a><\/li>\n\n\n\n<li><a href=\"https:\/\/augenklinik-bern.ch\/fr\/patients\/maladies-des-yeux\/crsc\/\">CRSC<\/a><\/li>\n\n\n\n<li><a href=\"https:\/\/augenklinik-bern.ch\/fr\/patients\/maladies-des-yeux\/infections-systemiques\/\">Infections syst\u00e9miques<\/a><\/li>\n\n\n\n<li><a href=\"https:\/\/augenklinik-bern.ch\/fr\/patients\/maladies-des-yeux\/toxoplasmose\/\">Toxoplasmose<\/a><\/li>\n\n\n\n<li><a href=\"https:\/\/augenklinik-bern.ch\/fr\/patients\/maladies-des-yeux\/tuberculose\/\">Tuberculose<\/a><\/li>\n<\/ul>\n\n\n\t<div class=\"grid-x grid-margin-x grid-padding-x block-bild-text le medium-margin-collapse\">\n\t  <div class=\"cell medium-4 large-4\">\n\t  \t\t\t\t\t\t\t\t\t\t<div class=\"singleImg\">\n\t\t\t\t\t\t<img decoding=\"async\" alt=\"\" title=\"\" class=\"bt-img\" src=\"https:\/\/augenklinik-bern.ch\/wp-content\/uploads\/socialmedia-300x300.jpg\" \/>\n\t\t\t\t\t\t<div class=\"singleImgCaption\"><\/div>\n\t\t\t\t\t<\/div>\n\t\t\t\t\t\t\t\t\n\t  \n\t  <\/div>\n\t  <div class=\"cell medium-8 large-8\"><h2><b class=\"b5\">Restez<\/b><b class=\"b4\"> i<\/b><b class=\"b3\">nform\u00e9<\/b><\/h2>\n<p><strong>Instagram News:<\/strong><br \/>\n<a href=\"https:\/\/instagram.com\/berner__augenklinik\/\" target=\"_blank\" rel=\"noopener\">instagram.com\/berner__augenklinik<\/a><\/p>\n<p><strong>Linkedin:<\/strong><br \/>\n<a href=\"https:\/\/linkedin.com\/company\/berner-augenklinik\" target=\"_blank\" rel=\"noopener\">linkedin.com\/company\/berner-augenklinik<\/a><\/p>\n<p><!--<strong>M\u00e9decin sp\u00e9cialiste en ophtalmologie ou quasi-sp\u00e9cialiste en ophtalmologie pour notre site \u00e0 Bienne (60 - 100%)<\/strong>\n<a href=\"https:\/\/augenklinik-bern.ch\/fr\/actualites\/postes-vacants\/medecin-specialiste\/\">plus d\u2019informations<\/a>--><\/p>\n<\/div>\n\t<\/div>\n","protected":false},"excerpt":{"rendered":"<p>Nos ophtalmologistes vous informeront naturellement avant tout traitement et \u00e0 chaque visite. Pour toute question, veuillez contacter nos collaborateurs ou m\u00e9decins.<\/p>\n","protected":false},"author":2,"featured_media":15500,"parent":7811,"menu_order":4,"comment_status":"closed","ping_status":"closed","template":"template-full-width-teaser.php","meta":{"_acf_changed":false,"footnotes":""},"class_list":["post-7867","page","type-page","status-publish","has-post-thumbnail","hentry"],"acf":[],"_links":{"self":[{"href":"https:\/\/augenklinik-bern.ch\/fr\/wp-json\/wp\/v2\/pages\/7867","targetHints":{"allow":["GET"]}}],"collection":[{"href":"https:\/\/augenklinik-bern.ch\/fr\/wp-json\/wp\/v2\/pages"}],"about":[{"href":"https:\/\/augenklinik-bern.ch\/fr\/wp-json\/wp\/v2\/types\/page"}],"author":[{"embeddable":true,"href":"https:\/\/augenklinik-bern.ch\/fr\/wp-json\/wp\/v2\/users\/2"}],"replies":[{"embeddable":true,"href":"https:\/\/augenklinik-bern.ch\/fr\/wp-json\/wp\/v2\/comments?post=7867"}],"version-history":[{"count":9,"href":"https:\/\/augenklinik-bern.ch\/fr\/wp-json\/wp\/v2\/pages\/7867\/revisions"}],"predecessor-version":[{"id":17985,"href":"https:\/\/augenklinik-bern.ch\/fr\/wp-json\/wp\/v2\/pages\/7867\/revisions\/17985"}],"up":[{"embeddable":true,"href":"https:\/\/augenklinik-bern.ch\/fr\/wp-json\/wp\/v2\/pages\/7811"}],"wp:featuredmedia":[{"embeddable":true,"href":"https:\/\/augenklinik-bern.ch\/fr\/wp-json\/wp\/v2\/media\/15500"}],"wp:attachment":[{"href":"https:\/\/augenklinik-bern.ch\/fr\/wp-json\/wp\/v2\/media?parent=7867"}],"curies":[{"name":"wp","href":"https:\/\/api.w.org\/{rel}","templated":true}]}}